{"id":248,"date":"2020-02-06T11:42:47","date_gmt":"2020-02-06T11:42:47","guid":{"rendered":"http:\/\/plastikeimer.packstar.ch\/?page_id=248"},"modified":"2020-10-30T08:56:02","modified_gmt":"2020-10-30T08:56:02","slug":"qui-sommes-nous","status":"publish","type":"page","link":"http:\/\/plastikeimer.packstar.ch\/fr\/qui-sommes-nous\/","title":{"rendered":"Qui sommes-nous?"},"content":{"rendered":"\t\t<div data-elementor-type=\"wp-post\" data-elementor-id=\"248\" class=\"elementor elementor-248 elementor-22\" data-elementor-settings=\"[]\">\n\t\t\t\t\t\t<div class=\"elementor-inner\">\n\t\t\t\t\t\t\t<div class=\"elementor-section-wrap\">\n\t\t\t\t\t\t\t<section class=\"elementor-section elementor-top-section elementor-element elementor-element-aa51b41 elementor-section-boxed elementor-section-height-default elementor-section-height-default\" data-id=\"aa51b41\" data-element_type=\"section\">\n\t\t\t\t\t\t<div class=\"elementor-container elementor-column-gap-default\">\n\t\t\t\t\t\t\t<div class=\"elementor-row\">\n\t\t\t\t\t<div class=\"elementor-column elementor-col-100 elementor-top-column elementor-element elementor-element-9912182\" data-id=\"9912182\" data-element_type=\"column\">\n\t\t\t<div class=\"elementor-column-wrap elementor-element-populated\">\n\t\t\t\t\t\t\t<div class=\"elementor-widget-wrap\">\n\t\t\t\t\t\t<div class=\"elementor-element elementor-element-1623744 elementor-widget elementor-widget-heading\" data-id=\"1623744\" data-element_type=\"widget\" data-widget_type=\"heading.default\">\n\t\t\t\t<div class=\"elementor-widget-container\">\n\t\t\t<h1 class=\"elementor-heading-title elementor-size-default\">Packstar GmbH -\nNous emballons les bonnes choses mieux!\n<\/h1>\t\t<\/div>\n\t\t\t\t<\/div>\n\t\t\t\t<div class=\"elementor-element elementor-element-663a01d elementor-widget elementor-widget-text-editor\" data-id=\"663a01d\" data-element_type=\"widget\" data-widget_type=\"text-editor.default\">\n\t\t\t\t<div class=\"elementor-widget-container\">\n\t\t\t\t\t\t\t\t<div class=\"elementor-text-editor elementor-clearfix\">\n\t\t\t\t<p>Packstar GmbH est votre sp\u00e9cialiste des emballages en plastique. Les fortes exigences de nos clients sont notre motivation. Ce faisant, nous restons toujours fid\u00e8les \u00e0 notre principe directeur:<\/p>\t\t\t\t\t<\/div>\n\t\t\t\t\t\t<\/div>\n\t\t\t\t<\/div>\n\t\t\t\t<div class=\"elementor-element elementor-element-f950451 elementor-blockquote--skin-border elementor-blockquote--button-color-official elementor-widget elementor-widget-blockquote\" data-id=\"f950451\" data-element_type=\"widget\" data-widget_type=\"blockquote.default\">\n\t\t\t\t<div class=\"elementor-widget-container\">\n\t\t\t\t\t<blockquote class=\"elementor-blockquote\">\n\t\t\t<p class=\"elementor-blockquote__content\">\n\t\t\t\t\"Nous emballons les bonnes choses mieux - et cela plus vite et moins cher !\"\t\t\t<\/p>\n\t\t\t\t\t<\/blockquote>\n\t\t\t\t<\/div>\n\t\t\t\t<\/div>\n\t\t\t\t<div class=\"elementor-element elementor-element-4ee9f3a elementor-widget elementor-widget-text-editor\" data-id=\"4ee9f3a\" data-element_type=\"widget\" data-widget_type=\"text-editor.default\">\n\t\t\t\t<div class=\"elementor-widget-container\">\n\t\t\t\t\t\t\t\t<div class=\"elementor-text-editor elementor-clearfix\">\n\t\t\t\t<p>En tant que d\u00e9taillant en ligne d&#8217;emballages le plus exp\u00e9riment\u00e9 en Suisse, notre soci\u00e9t\u00e9 fournit \u00e0 des milliers de clients des emballages de haute qualit\u00e9 fournis par des soci\u00e9t\u00e9s internationales dans les 24 heures. \u00c9tant donn\u00e9 que nous pouvons \u00e9galement agir en tant que repr\u00e9sentant des produits que nous vendons, vous recevrez toujours les meilleurs conseils et les meilleures conditions possibles. Nous livrons depuis notre entrep\u00f4t en Suisse ou de plus grandes quantit\u00e9s \u00e0 des conditions optimales, directement du fabricant. Nous mettons en \u0153uvre notre concept avec enthousiasme sur le march\u00e9 et souhaitons rester le principal revendeur et fournisseur.<\/p>\t\t\t\t\t<\/div>\n\t\t\t\t\t\t<\/div>\n\t\t\t\t<\/div>\n\t\t\t\t<div class=\"elementor-element elementor-element-d21ebcc elementor-widget elementor-widget-heading\" data-id=\"d21ebcc\" data-element_type=\"widget\" data-widget_type=\"heading.default\">\n\t\t\t\t<div class=\"elementor-widget-container\">\n\t\t\t<h2 class=\"elementor-heading-title elementor-size-default\">Histoire et jalons:<\/h2>\t\t<\/div>\n\t\t\t\t<\/div>\n\t\t\t\t<div class=\"elementor-element elementor-element-848bf63 elementor-widget elementor-widget-text-editor\" data-id=\"848bf63\" data-element_type=\"widget\" data-widget_type=\"text-editor.default\">\n\t\t\t\t<div class=\"elementor-widget-container\">\n\t\t\t\t\t\t\t\t<div class=\"elementor-text-editor elementor-clearfix\">\n\t\t\t\t<p>Aebi Industrievertretungen a \u00e9t\u00e9 inscrite au registre du commerce en 1998 par J\u00fcrg Aebi, ing\u00e9nieur FH. En 2000. Nous avons commenc\u00e9 \u00e0 repr\u00e9senter Jokey Plastik, premier fabricant europ\u00e9en de seaux et de canettes en plastique. En peu de temps, Jokey est devenu le leader du march\u00e9 dans ce segment avec Aebi Industrievertretung en Suisse. Depuis le d\u00e9but de la fondation, les gros clients ont \u00e9t\u00e9 livr\u00e9s d\u00e9part usine. Alors que de plus en plus de petits clients et de PME souhaitaient disposer des produits de Jokey, la boutique en ligne a \u00e9t\u00e9 cr\u00e9er pour des quantit\u00e9s \u00e0 partir de 1 pi\u00e8ce. Packstar GmbH est aujourd&rsquo;hui dirig\u00e9e par David Aebi, ing\u00e9nieur FH, fils du fondateur.<\/p>\t\t\t\t\t<\/div>\n\t\t\t\t\t\t<\/div>\n\t\t\t\t<\/div>\n\t\t\t\t<div class=\"elementor-element elementor-element-a8375df milestones elementor-widget elementor-widget-bdt-timeline\" data-id=\"a8375df\" data-element_type=\"widget\" data-widget_type=\"bdt-timeline.default\">\n\t\t\t\t<div class=\"elementor-widget-container\">\n\t\t\t      <div id=\"bdt-timeline-a8375df\" class=\"bdt-timeline bdt-timeline-skin-default bdt-timeline-\" >\n        <div class=\"bdt-grid bdt-grid-collapse\" bdt-grid>\n            \n\n              <div\n                  class=\" bdt-timeline-item left-part\">\n\n                <div class=\"bdt-timeline-item-main-wrapper\">\n                  <div class=\"bdt-timeline-line\"><span><\/span><\/div>\n                  <div class=\"bdt-timeline-item-main-container\">\n                      \n                    <div class=\"bdt-timeline-icon\">\n\t\n\t\t\t\t  \t\t\t\t\t<span>\n\t\t\t\t  \t\t\t\t\t\t\n\t\t\t\t  \t\t\t\t\t\n\t\t\t\t  \t\t\t\t\t<\/span>\n\n                    <\/div>\n                            <div class=\"bdt-timeline-item-main\">\n        <span class=\"bdt-timeline-arrow\"><\/span>\n\n          \n        <div class=\"bdt-timeline-desc bdt-padding\">\n                    <h4 class=\"bdt-timeline-title\">\n                            <span>1998 - Fondation de la soci\u00e9t\u00e9 Aebi Industrievertretung GmbH par lng. dipl. J. Aebi<\/span>\n                    <\/h4>\n                                                    <\/div>\n      <\/div>\n                          <\/div>\n                <\/div>\n              <\/div>\n\n                \n            \n\n              <div\n                  class=\" bdt-timeline-item right-part\">\n\n                <div class=\"bdt-timeline-item-main-wrapper\">\n                  <div class=\"bdt-timeline-line\"><span><\/span><\/div>\n                  <div class=\"bdt-timeline-item-main-container\">\n                      \n                    <div class=\"bdt-timeline-icon\">\n\t\n\t\t\t\t  \t\t\t\t\t<span>\n\t\t\t\t  \t\t\t\t\t\t\n\t\t\t\t  \t\t\t\t\t\n\t\t\t\t  \t\t\t\t\t<\/span>\n\n                    <\/div>\n                            <div class=\"bdt-timeline-item-main\">\n        <span class=\"bdt-timeline-arrow\"><\/span>\n\n          \n        <div class=\"bdt-timeline-desc bdt-padding\">\n                    <h4 class=\"bdt-timeline-title\">\n                            <span>2000 - Repr\u00e9sentation officielle de Jokey Plastik GmbH en Suisse<\/span>\n                    <\/h4>\n                                                    <\/div>\n      <\/div>\n                          <\/div>\n                <\/div>\n              <\/div>\n\n                \n            \n\n              <div\n                  class=\" bdt-timeline-item left-part\">\n\n                <div class=\"bdt-timeline-item-main-wrapper\">\n                  <div class=\"bdt-timeline-line\"><span><\/span><\/div>\n                  <div class=\"bdt-timeline-item-main-container\">\n                      \n                    <div class=\"bdt-timeline-icon\">\n\t\n\t\t\t\t  \t\t\t\t\t<span>\n\t\t\t\t  \t\t\t\t\t\t\n\t\t\t\t  \t\t\t\t\t\n\t\t\t\t  \t\t\t\t\t<\/span>\n\n                    <\/div>\n                            <div class=\"bdt-timeline-item-main\">\n        <span class=\"bdt-timeline-arrow\"><\/span>\n\n          \n        <div class=\"bdt-timeline-desc bdt-padding\">\n                    <h4 class=\"bdt-timeline-title\">\n                            <span>2009 - Lancement de la premi\u00e8re boutique en ligne de seaux en plastique<\/span>\n                    <\/h4>\n                                                    <\/div>\n      <\/div>\n                          <\/div>\n                <\/div>\n              <\/div>\n\n                \n            \n\n              <div\n                  class=\" bdt-timeline-item right-part\">\n\n                <div class=\"bdt-timeline-item-main-wrapper\">\n                  <div class=\"bdt-timeline-line\"><span><\/span><\/div>\n                  <div class=\"bdt-timeline-item-main-container\">\n                      \n                    <div class=\"bdt-timeline-icon\">\n\t\n\t\t\t\t  \t\t\t\t\t<span>\n\t\t\t\t  \t\t\t\t\t\t\n\t\t\t\t  \t\t\t\t\t\n\t\t\t\t  \t\t\t\t\t<\/span>\n\n                    <\/div>\n                            <div class=\"bdt-timeline-item-main\">\n        <span class=\"bdt-timeline-arrow\"><\/span>\n\n          \n        <div class=\"bdt-timeline-desc bdt-padding\">\n                    <h4 class=\"bdt-timeline-title\">\n                            <span>2010 - Cr\u00e9ation de Packstar GmbH en tant que soci\u00e9t\u00e9 commerciale (D. Aebi, J. Aebi)<\/span>\n                    <\/h4>\n                                                    <\/div>\n      <\/div>\n                          <\/div>\n                <\/div>\n              <\/div>\n\n                \n            \n\n              <div\n                  class=\" bdt-timeline-item left-part\">\n\n                <div class=\"bdt-timeline-item-main-wrapper\">\n                  <div class=\"bdt-timeline-line\"><span><\/span><\/div>\n                  <div class=\"bdt-timeline-item-main-container\">\n                      \n                    <div class=\"bdt-timeline-icon\">\n\t\n\t\t\t\t  \t\t\t\t\t<span>\n\t\t\t\t  \t\t\t\t\t\t\n\t\t\t\t  \t\t\t\t\t\n\t\t\t\t  \t\t\t\t\t<\/span>\n\n                    <\/div>\n                            <div class=\"bdt-timeline-item-main\">\n        <span class=\"bdt-timeline-arrow\"><\/span>\n\n          \n        <div class=\"bdt-timeline-desc bdt-padding\">\n                    <h4 class=\"bdt-timeline-title\">\n                            <span>2016 - Repr\u00e9sentation de la soci\u00e9t\u00e9 AST Kunststoffverarbeitung GmbH en Suisse.<\/span>\n                    <\/h4>\n                                                    <\/div>\n      <\/div>\n                          <\/div>\n                <\/div>\n              <\/div>\n\n                \n            \n\n              <div\n                  class=\" bdt-timeline-item right-part\">\n\n                <div class=\"bdt-timeline-item-main-wrapper\">\n                  <div class=\"bdt-timeline-line\"><span><\/span><\/div>\n                  <div class=\"bdt-timeline-item-main-container\">\n                      \n                    <div class=\"bdt-timeline-icon\">\n\t\n\t\t\t\t  \t\t\t\t\t<span>\n\t\t\t\t  \t\t\t\t\t\t\n\t\t\t\t  \t\t\t\t\t\n\t\t\t\t  \t\t\t\t\t<\/span>\n\n                    <\/div>\n                            <div class=\"bdt-timeline-item-main\">\n        <span class=\"bdt-timeline-arrow\"><\/span>\n\n          \n        <div class=\"bdt-timeline-desc bdt-padding\">\n                    <h4 class=\"bdt-timeline-title\">\n                            <span>2016 - Repr\u00e9sentations des bouteilles d&#039;aluminium de Tournaire SA en Suisse  <\/span>\n                    <\/h4>\n                                                    <\/div>\n      <\/div>\n                          <\/div>\n                <\/div>\n              <\/div>\n\n                \n            \n\n              <div\n                  class=\" bdt-timeline-item left-part\">\n\n                <div class=\"bdt-timeline-item-main-wrapper\">\n                  <div class=\"bdt-timeline-line\"><span><\/span><\/div>\n                  <div class=\"bdt-timeline-item-main-container\">\n                      \n                    <div class=\"bdt-timeline-icon\">\n\t\n\t\t\t\t  \t\t\t\t\t<span>\n\t\t\t\t  \t\t\t\t\t\t\n\t\t\t\t  \t\t\t\t\t\n\t\t\t\t  \t\t\t\t\t<\/span>\n\n                    <\/div>\n                            <div class=\"bdt-timeline-item-main\">\n        <span class=\"bdt-timeline-arrow\"><\/span>\n\n          \n        <div class=\"bdt-timeline-desc bdt-padding\">\n                    <h4 class=\"bdt-timeline-title\">\n                            <span>2019 - Fusion d&#039;Aebi Industr. et Packstar GmbH sous le nom de Packstar GmbH <\/span>\n                    <\/h4>\n                                                    <\/div>\n      <\/div>\n                          <\/div>\n                <\/div>\n              <\/div>\n\n                \n            \n        <\/div>\n      <\/div>\n        \t\t<\/div>\n\t\t\t\t<\/div>\n\t\t\t\t<div class=\"elementor-element elementor-element-af27730 elementor-widget elementor-widget-heading\" data-id=\"af27730\" data-element_type=\"widget\" data-widget_type=\"heading.default\">\n\t\t\t\t<div class=\"elementor-widget-container\">\n\t\t\t<h2 class=\"elementor-heading-title elementor-size-default\">Team<\/h2>\t\t<\/div>\n\t\t\t\t<\/div>\n\t\t\t\t<section class=\"elementor-section elementor-inner-section elementor-element elementor-element-c7fba78 elementor-section-height-min-height elementor-section-boxed elementor-section-height-default\" data-id=\"c7fba78\" data-element_type=\"section\">\n\t\t\t\t\t\t<div class=\"elementor-container elementor-column-gap-default\">\n\t\t\t\t\t\t\t<div class=\"elementor-row\">\n\t\t\t\t\t<div class=\"elementor-column elementor-col-50 elementor-inner-column elementor-element elementor-element-62e6661\" data-id=\"62e6661\" data-element_type=\"column\" data-settings=\"{&quot;background_background&quot;:&quot;classic&quot;}\">\n\t\t\t<div class=\"elementor-column-wrap elementor-element-populated\">\n\t\t\t\t\t\t\t<div class=\"elementor-widget-wrap\">\n\t\t\t\t\t\t<div class=\"elementor-element elementor-element-3543932 elementor-cta--skin-cover elementor-cta--valign-bottom elementor-animated-content elementor-bg-transform elementor-bg-transform-zoom-in elementor-widget elementor-widget-call-to-action\" data-id=\"3543932\" data-element_type=\"widget\" data-widget_type=\"call-to-action.default\">\n\t\t\t\t<div class=\"elementor-widget-container\">\n\t\t\t\t\t<div  class=\"elementor-cta\">\n\t\t\t\t\t<div class=\"elementor-cta__bg-wrapper\">\n\t\t\t\t<div class=\"elementor-cta__bg elementor-bg\" style=\"background-image: url();\"><\/div>\n\t\t\t\t<div class=\"elementor-cta__bg-overlay\"><\/div>\n\t\t\t<\/div>\n\t\t\t\t\t\t\t<div class=\"elementor-cta__content\">\n\t\t\t\t\n\t\t\t\t\t\t\t\t\t<h2 class=\"elementor-cta__title elementor-cta__content-item elementor-content-item elementor-animated-item--grow\">\n\t\t\t\t\t\tAebi David\t\t\t\t\t<\/h2>\n\t\t\t\t\n\t\t\t\t\t\t\t\t\t<div class=\"elementor-cta__description elementor-cta__content-item elementor-content-item elementor-animated-item--grow\">\n\t\t\t\t\t\tDirection \/ CEO\t\t\t\t\t<\/div>\n\t\t\t\t\n\t\t\t\t\t\t\t<\/div>\n\t\t\t\t\t\t<\/div>\n\t\t\t\t<\/div>\n\t\t\t\t<\/div>\n\t\t\t\t\t\t<\/div>\n\t\t\t\t\t<\/div>\n\t\t<\/div>\n\t\t\t\t<div class=\"elementor-column elementor-col-50 elementor-inner-column elementor-element elementor-element-09fc50b\" data-id=\"09fc50b\" data-element_type=\"column\" data-settings=\"{&quot;background_background&quot;:&quot;classic&quot;}\">\n\t\t\t<div class=\"elementor-column-wrap elementor-element-populated\">\n\t\t\t\t\t\t\t<div class=\"elementor-widget-wrap\">\n\t\t\t\t\t\t<div class=\"elementor-element elementor-element-de3369c elementor-cta--skin-cover elementor-cta--valign-bottom elementor-animated-content elementor-bg-transform elementor-bg-transform-zoom-in elementor-widget elementor-widget-call-to-action\" data-id=\"de3369c\" data-element_type=\"widget\" data-widget_type=\"call-to-action.default\">\n\t\t\t\t<div class=\"elementor-widget-container\">\n\t\t\t\t\t<div  class=\"elementor-cta\">\n\t\t\t\t\t<div class=\"elementor-cta__bg-wrapper\">\n\t\t\t\t<div class=\"elementor-cta__bg elementor-bg\" style=\"background-image: url();\"><\/div>\n\t\t\t\t<div class=\"elementor-cta__bg-overlay\"><\/div>\n\t\t\t<\/div>\n\t\t\t\t\t\t\t<div class=\"elementor-cta__content\">\n\t\t\t\t\n\t\t\t\t\t\t\t\t\t<h2 class=\"elementor-cta__title elementor-cta__content-item elementor-content-item elementor-animated-item--grow\">\n\t\t\t\t\t\tAebi J\u00fcrg\t\t\t\t\t<\/h2>\n\t\t\t\t\n\t\t\t\t\t\t\t\t\t<div class=\"elementor-cta__description elementor-cta__content-item elementor-content-item elementor-animated-item--grow\">\n\t\t\t\t\t\tDirection, Achat, QM\t\t\t\t\t<\/div>\n\t\t\t\t\n\t\t\t\t\t\t\t<\/div>\n\t\t\t\t\t\t<\/div>\n\t\t\t\t<\/div>\n\t\t\t\t<\/div>\n\t\t\t\t\t\t<\/div>\n\t\t\t\t\t<\/div>\n\t\t<\/div>\n\t\t\t\t\t\t\t\t<\/div>\n\t\t\t\t\t<\/div>\n\t\t<\/section>\n\t\t\t\t<section class=\"elementor-section elementor-inner-section elementor-element elementor-element-07076fa elementor-section-height-min-height elementor-section-boxed elementor-section-height-default\" data-id=\"07076fa\" data-element_type=\"section\">\n\t\t\t\t\t\t<div class=\"elementor-container elementor-column-gap-default\">\n\t\t\t\t\t\t\t<div class=\"elementor-row\">\n\t\t\t\t\t<div class=\"elementor-column elementor-col-50 elementor-inner-column elementor-element elementor-element-356971d\" data-id=\"356971d\" data-element_type=\"column\" data-settings=\"{&quot;background_background&quot;:&quot;classic&quot;}\">\n\t\t\t<div class=\"elementor-column-wrap elementor-element-populated\">\n\t\t\t\t\t\t\t<div class=\"elementor-widget-wrap\">\n\t\t\t\t\t\t<div class=\"elementor-element elementor-element-f7c65f8 elementor-cta--skin-cover elementor-cta--valign-bottom elementor-animated-content elementor-bg-transform elementor-bg-transform-zoom-in elementor-widget elementor-widget-call-to-action\" data-id=\"f7c65f8\" data-element_type=\"widget\" data-widget_type=\"call-to-action.default\">\n\t\t\t\t<div class=\"elementor-widget-container\">\n\t\t\t\t\t<div  class=\"elementor-cta\">\n\t\t\t\t\t<div class=\"elementor-cta__bg-wrapper\">\n\t\t\t\t<div class=\"elementor-cta__bg elementor-bg\" style=\"background-image: url();\"><\/div>\n\t\t\t\t<div class=\"elementor-cta__bg-overlay\"><\/div>\n\t\t\t<\/div>\n\t\t\t\t\t\t\t<div class=\"elementor-cta__content\">\n\t\t\t\t\n\t\t\t\t\t\t\t\t\t<h2 class=\"elementor-cta__title elementor-cta__content-item elementor-content-item elementor-animated-item--grow\">\n\t\t\t\t\t\tDaniela Oppliger\t\t\t\t\t<\/h2>\n\t\t\t\t\n\t\t\t\t\t\t\t\t\t<div class=\"elementor-cta__description elementor-cta__content-item elementor-content-item elementor-animated-item--grow\">\n\t\t\t\t\t\tVente, Service client\u00e8le\t\t\t\t\t<\/div>\n\t\t\t\t\n\t\t\t\t\t\t\t<\/div>\n\t\t\t\t\t\t<\/div>\n\t\t\t\t<\/div>\n\t\t\t\t<\/div>\n\t\t\t\t\t\t<\/div>\n\t\t\t\t\t<\/div>\n\t\t<\/div>\n\t\t\t\t<div class=\"elementor-column elementor-col-50 elementor-inner-column elementor-element elementor-element-66a7c94\" data-id=\"66a7c94\" data-element_type=\"column\" data-settings=\"{&quot;background_background&quot;:&quot;classic&quot;}\">\n\t\t\t<div class=\"elementor-column-wrap elementor-element-populated\">\n\t\t\t\t\t\t\t<div class=\"elementor-widget-wrap\">\n\t\t\t\t\t\t<div class=\"elementor-element elementor-element-2ccb637 elementor-cta--skin-cover elementor-cta--valign-bottom elementor-animated-content elementor-bg-transform elementor-bg-transform-zoom-in elementor-widget elementor-widget-call-to-action\" data-id=\"2ccb637\" data-element_type=\"widget\" data-widget_type=\"call-to-action.default\">\n\t\t\t\t<div class=\"elementor-widget-container\">\n\t\t\t\t\t<div  class=\"elementor-cta\">\n\t\t\t\t\t<div class=\"elementor-cta__bg-wrapper\">\n\t\t\t\t<div class=\"elementor-cta__bg elementor-bg\" style=\"background-image: url();\"><\/div>\n\t\t\t\t<div class=\"elementor-cta__bg-overlay\"><\/div>\n\t\t\t<\/div>\n\t\t\t\t\t\t\t<div class=\"elementor-cta__content\">\n\t\t\t\t\n\t\t\t\t\t\t\t\t\t<h2 class=\"elementor-cta__title elementor-cta__content-item elementor-content-item elementor-animated-item--grow\">\n\t\t\t\t\t\tFlavia Donno- Haslinger\t\t\t\t\t<\/h2>\n\t\t\t\t\n\t\t\t\t\t\t\t\t\t<div class=\"elementor-cta__description elementor-cta__content-item elementor-content-item elementor-animated-item--grow\">\n\t\t\t\t\t\tComptabilit\u00e9, Backoffice\t\t\t\t\t<\/div>\n\t\t\t\t\n\t\t\t\t\t\t\t<\/div>\n\t\t\t\t\t\t<\/div>\n\t\t\t\t<\/div>\n\t\t\t\t<\/div>\n\t\t\t\t\t\t<\/div>\n\t\t\t\t\t<\/div>\n\t\t<\/div>\n\t\t\t\t\t\t\t\t<\/div>\n\t\t\t\t\t<\/div>\n\t\t<\/section>\n\t\t\t\t\t\t<\/div>\n\t\t\t\t\t<\/div>\n\t\t<\/div>\n\t\t\t\t\t\t\t\t<\/div>\n\t\t\t\t\t<\/div>\n\t\t<\/section>\n\t\t\t\t\t\t<\/div>\n\t\t\t\t\t\t<\/div>\n\t\t\t\t\t<\/div>\n\t\t","protected":false},"excerpt":{"rendered":"<p>Packstar GmbH &#8211; Nous emballons les bonnes choses mieux! Packstar GmbH est votre sp\u00e9cialiste des emballages en plastique. Les fortes exigences de nos clients sont notre motivation. Ce faisant, nous restons toujours fid\u00e8les \u00e0 notre principe directeur: \u00ab\u00a0Nous emballons les bonnes choses mieux &#8211; et cela plus vite et moins cher !\u00a0\u00bb En tant que &#8230; <a title=\"Qui sommes-nous?\" class=\"read-more\" href=\"http:\/\/plastikeimer.packstar.ch\/fr\/qui-sommes-nous\/\" aria-label=\"More on Qui sommes-nous?\">Read more<\/a><\/p>\n","protected":false},"author":1,"featured_media":0,"parent":0,"menu_order":0,"comment_status":"closed","ping_status":"closed","template":"","meta":[],"yoast_head":"<!-- This site is optimized with the Yoast SEO plugin v18.1 - https:\/\/yoast.com\/wordpress\/plugins\/seo\/ -->\n<title>Qui sommes-nous? - packstar.ch - Verpackungen von Packstar<\/title>\n<meta name=\"robots\" content=\"index, follow, max-snippet:-1, max-image-preview:large, max-video-preview:-1\" \/>\n<link rel=\"canonical\" href=\"http:\/\/plastikeimer.packstar.ch\/fr\/qui-sommes-nous\/\" \/>\n<meta property=\"og:locale\" content=\"fr_FR\" \/>\n<meta property=\"og:type\" content=\"article\" \/>\n<meta property=\"og:title\" content=\"Qui sommes-nous? - packstar.ch - Verpackungen von Packstar\" \/>\n<meta property=\"og:description\" content=\"Packstar GmbH &#8211; Nous emballons les bonnes choses mieux! Packstar GmbH est votre sp\u00e9cialiste des emballages en plastique. Les fortes exigences de nos clients sont notre motivation. Ce faisant, nous restons toujours fid\u00e8les \u00e0 notre principe directeur: \u00ab\u00a0Nous emballons les bonnes choses mieux &#8211; et cela plus vite et moins cher !\u00a0\u00bb En tant que ... Read more\" \/>\n<meta property=\"og:url\" content=\"http:\/\/plastikeimer.packstar.ch\/fr\/qui-sommes-nous\/\" \/>\n<meta property=\"og:site_name\" content=\"packstar.ch - Verpackungen von Packstar\" \/>\n<meta property=\"article:modified_time\" content=\"2020-10-30T08:56:02+00:00\" \/>\n<meta name=\"twitter:card\" content=\"summary_large_image\" \/>\n<meta name=\"twitter:label1\" content=\"Dur\u00e9e de lecture estim\u00e9e\" \/>\n\t<meta name=\"twitter:data1\" content=\"2 minutes\" \/>\n<script type=\"application\/ld+json\" class=\"yoast-schema-graph\">{\"@context\":\"https:\/\/schema.org\",\"@graph\":[{\"@type\":\"WebSite\",\"@id\":\"http:\/\/plastikeimer.packstar.ch\/de\/#website\",\"url\":\"http:\/\/plastikeimer.packstar.ch\/de\/\",\"name\":\"packstar.ch - Verpackungen von Packstar\",\"description\":\"\",\"potentialAction\":[{\"@type\":\"SearchAction\",\"target\":{\"@type\":\"EntryPoint\",\"urlTemplate\":\"http:\/\/plastikeimer.packstar.ch\/de\/?s={search_term_string}\"},\"query-input\":\"required name=search_term_string\"}],\"inLanguage\":\"fr-FR\"},{\"@type\":\"WebPage\",\"@id\":\"http:\/\/plastikeimer.packstar.ch\/fr\/qui-sommes-nous\/#webpage\",\"url\":\"http:\/\/plastikeimer.packstar.ch\/fr\/qui-sommes-nous\/\",\"name\":\"Qui sommes-nous? - packstar.ch - Verpackungen von Packstar\",\"isPartOf\":{\"@id\":\"http:\/\/plastikeimer.packstar.ch\/de\/#website\"},\"datePublished\":\"2020-02-06T11:42:47+00:00\",\"dateModified\":\"2020-10-30T08:56:02+00:00\",\"breadcrumb\":{\"@id\":\"http:\/\/plastikeimer.packstar.ch\/fr\/qui-sommes-nous\/#breadcrumb\"},\"inLanguage\":\"fr-FR\",\"potentialAction\":[{\"@type\":\"ReadAction\",\"target\":[\"http:\/\/plastikeimer.packstar.ch\/fr\/qui-sommes-nous\/\"]}]},{\"@type\":\"BreadcrumbList\",\"@id\":\"http:\/\/plastikeimer.packstar.ch\/fr\/qui-sommes-nous\/#breadcrumb\",\"itemListElement\":[{\"@type\":\"ListItem\",\"position\":1,\"name\":\"Home\",\"item\":\"http:\/\/plastikeimer.packstar.ch\/fr\/\"},{\"@type\":\"ListItem\",\"position\":2,\"name\":\"Qui sommes-nous?\"}]}]}<\/script>\n<!-- \/ Yoast SEO plugin. -->","yoast_head_json":{"title":"Qui sommes-nous? - packstar.ch - Verpackungen von Packstar","robots":{"index":"index","follow":"follow","max-snippet":"max-snippet:-1","max-image-preview":"max-image-preview:large","max-video-preview":"max-video-preview:-1"},"canonical":"http:\/\/plastikeimer.packstar.ch\/fr\/qui-sommes-nous\/","og_locale":"fr_FR","og_type":"article","og_title":"Qui sommes-nous? - packstar.ch - Verpackungen von Packstar","og_description":"Packstar GmbH &#8211; Nous emballons les bonnes choses mieux! Packstar GmbH est votre sp\u00e9cialiste des emballages en plastique. Les fortes exigences de nos clients sont notre motivation. Ce faisant, nous restons toujours fid\u00e8les \u00e0 notre principe directeur: \u00ab\u00a0Nous emballons les bonnes choses mieux &#8211; et cela plus vite et moins cher !\u00a0\u00bb En tant que ... Read more","og_url":"http:\/\/plastikeimer.packstar.ch\/fr\/qui-sommes-nous\/","og_site_name":"packstar.ch - Verpackungen von Packstar","article_modified_time":"2020-10-30T08:56:02+00:00","twitter_card":"summary_large_image","twitter_misc":{"Dur\u00e9e de lecture estim\u00e9e":"2 minutes"},"schema":{"@context":"https:\/\/schema.org","@graph":[{"@type":"WebSite","@id":"http:\/\/plastikeimer.packstar.ch\/de\/#website","url":"http:\/\/plastikeimer.packstar.ch\/de\/","name":"packstar.ch - Verpackungen von Packstar","description":"","potentialAction":[{"@type":"SearchAction","target":{"@type":"EntryPoint","urlTemplate":"http:\/\/plastikeimer.packstar.ch\/de\/?s={search_term_string}"},"query-input":"required name=search_term_string"}],"inLanguage":"fr-FR"},{"@type":"WebPage","@id":"http:\/\/plastikeimer.packstar.ch\/fr\/qui-sommes-nous\/#webpage","url":"http:\/\/plastikeimer.packstar.ch\/fr\/qui-sommes-nous\/","name":"Qui sommes-nous? - packstar.ch - Verpackungen von Packstar","isPartOf":{"@id":"http:\/\/plastikeimer.packstar.ch\/de\/#website"},"datePublished":"2020-02-06T11:42:47+00:00","dateModified":"2020-10-30T08:56:02+00:00","breadcrumb":{"@id":"http:\/\/plastikeimer.packstar.ch\/fr\/qui-sommes-nous\/#breadcrumb"},"inLanguage":"fr-FR","potentialAction":[{"@type":"ReadAction","target":["http:\/\/plastikeimer.packstar.ch\/fr\/qui-sommes-nous\/"]}]},{"@type":"BreadcrumbList","@id":"http:\/\/plastikeimer.packstar.ch\/fr\/qui-sommes-nous\/#breadcrumb","itemListElement":[{"@type":"ListItem","position":1,"name":"Home","item":"http:\/\/plastikeimer.packstar.ch\/fr\/"},{"@type":"ListItem","position":2,"name":"Qui sommes-nous?"}]}]}},"_links":{"self":[{"href":"http:\/\/plastikeimer.packstar.ch\/fr\/wp-json\/wp\/v2\/pages\/248"}],"collection":[{"href":"http:\/\/plastikeimer.packstar.ch\/fr\/wp-json\/wp\/v2\/pages"}],"about":[{"href":"http:\/\/plastikeimer.packstar.ch\/fr\/wp-json\/wp\/v2\/types\/page"}],"author":[{"embeddable":true,"href":"http:\/\/plastikeimer.packstar.ch\/fr\/wp-json\/wp\/v2\/users\/1"}],"replies":[{"embeddable":true,"href":"http:\/\/plastikeimer.packstar.ch\/fr\/wp-json\/wp\/v2\/comments?post=248"}],"version-history":[{"count":6,"href":"http:\/\/plastikeimer.packstar.ch\/fr\/wp-json\/wp\/v2\/pages\/248\/revisions"}],"predecessor-version":[{"id":385,"href":"http:\/\/plastikeimer.packstar.ch\/fr\/wp-json\/wp\/v2\/pages\/248\/revisions\/385"}],"wp:attachment":[{"href":"http:\/\/plastikeimer.packstar.ch\/fr\/wp-json\/wp\/v2\/media?parent=248"}],"curies":[{"name":"wp","href":"https:\/\/api.w.org\/{rel}","templated":true}]}}